{"id":840,"date":"2020-09-03T14:19:02","date_gmt":"2020-09-03T12:19:02","guid":{"rendered":"https:\/\/digiglu.hivolda.no\/?page_id=840"},"modified":"2020-09-04T10:39:04","modified_gmt":"2020-09-04T08:39:04","slug":"pfdk-nettverkskonferansen-2020-digital-skaparkraft-12-15-oktober-pa-nett-og-pa-direkten","status":"publish","type":"page","link":"https:\/\/digiglu.hivolda.no\/?page_id=840","title":{"rendered":"PfDK-nettverkskonferansen 2020: Digital skaparkraft &#8211; 12.-15.oktober &#8211; p\u00e5 nett og p\u00e5 direkten!"},"content":{"rendered":"<p><b><span data-contrast=\"auto\">Velkomen\u00a0til\u00a0PfDK-nettverkskonferansen 2020: Digital\u00a0skaparkraft<\/span><\/b><b><span data-contrast=\"auto\"> 12.-15.oktober<\/span><\/b><span data-ccp-props=\"{&quot;201341983&quot;:0,&quot;335559739&quot;:160,&quot;335559740&quot;:259}\">\u00a0<\/span><\/p>\n<p><span data-contrast=\"auto\">Grunna korona-situasjonen m\u00e5tte vi utsetje den nasjonale nettverkssamlinga <\/span><span data-contrast=\"auto\">i\u00a0PfDK\u00a0<\/span><span data-contrast=\"auto\">\u201c<\/span><span data-contrast=\"auto\">Digital\u00a0skaparkraft<\/span><span data-contrast=\"auto\">\u201d<\/span><span data-contrast=\"auto\">\u00a0i mars<\/span><span data-contrast=\"auto\">.<\/span><br \/>\n<span data-contrast=\"auto\">No har vi tilpassa programmet, og\u00a0<\/span><span data-contrast=\"auto\">H\u00f8gskulen\u00a0i Volda og\u00a0Udir\u00a0<\/span><span data-contrast=\"auto\">kan p\u00e5 nytt \u00f8nske\u00a0velkomen\u00a0til Volda<\/span><span data-contrast=\"auto\">\u00a0og\u00a0<\/span><span data-contrast=\"auto\">Ulsteinvik<\/span><span data-contrast=\"auto\">\u00a0&#8211;\u00a0no<\/span><span data-contrast=\"auto\">\u00a0p\u00e5 nett.<\/span><span data-ccp-props=\"{&quot;201341983&quot;:0,&quot;335559739&quot;:160,&quot;335559740&quot;:259}\">\u00a0<\/span><\/p>\n<p><span data-contrast=\"auto\">Vi deler konferansen\u00a0<\/span><span data-contrast=\"auto\">over fire\u00a0dagar\u00a0med direktesendte praktiske verkstad<\/span><span data-contrast=\"auto\">\u00f8kter som de kan bli med p\u00e5 fr\u00e5 kl. 14.30-15.45,<br \/>\nmedan\u00a0foredrag og fagsamtalar ligg som ferdige\u00a0filmar\u00a0<\/span><span data-contrast=\"auto\">her p<\/span><span data-contrast=\"auto\">\u00e5 konferansenettsida.<\/span><span data-ccp-props=\"{&quot;201341983&quot;:0,&quot;335559739&quot;:160,&quot;335559740&quot;:259}\">\u00a0<\/span><\/p>\n<p><span data-contrast=\"auto\">Tema for dei ulike dagane:<\/span><\/p>\n<h3><a href=\"https:\/\/www.hivolda.no\/kategori\/laerarutdanninga\/pfdk-nettverkssamling-digital-skaparkraft-skule-og-laerarutdanning\">12.oktober\u00a0&#8211;\u00a0Digital\u00a0skaparkraft\u00a0i\u00a0skule\u00a0og\u00a0l\u00e6rarutdanning\u00a0<\/a><\/h3>\n<h4><strong><i>Intro p\u00e5 film:<\/i>\u00a0<\/strong><\/h4>\n<ul>\n<li><span data-contrast=\"auto\">Velkomen til nettverkskonferanse i PfDK &#8211; Digital skaparkraft<br \/>\n<\/span><em>Marijana Kelentric, Udir og Synn\u00f8ve Amdam, Digital kompetanse\/DigiGLU, HVO<\/em><span data-ccp-props=\"{&quot;201341983&quot;:0,&quot;335559740&quot;:259}\">\u00a0<\/span><\/li>\n<\/ul>\n<h4><span data-ccp-props=\"{&quot;201341983&quot;:0,&quot;335559740&quot;:259}\">\u00a0<\/span><strong><i>Key notes<\/i><i>\u00a0p\u00e5 film<\/i><i>:<\/i>\u00a0<\/strong><\/h4>\n<ul>\n<li><span data-contrast=\"auto\">Tverrfaglig arbeid og STEAM i skolen<br \/>\n<em>Erik Fooladi, Institutt for realfag, HVO<\/em><\/span><\/li>\n<li><span data-contrast=\"auto\">Fr\u00e5 Ludvigsen-utvalet til Skaparhuset<br \/>\n<em>Kjersti Kleven, IKuben og Skaparhuset<\/em><\/span><\/li>\n<\/ul>\n<h4><strong><i>Praktisk verkstad<\/i><i> kl.14.30-15.45 &#8211; <a href=\"https:\/\/www.hivolda.no\/kategori\/laerarutdanninga\/pfdk-nettverkssamling-digital-skaparkraft-skule-og-laerarutdanning\">p\u00e5melding\/kalenderavtale<\/a><\/i><i>:\u00a0<\/i><\/strong><span data-ccp-props=\"{&quot;201341983&quot;:0,&quot;335559740&quot;:259}\">\u00a0<\/span><\/h4>\n<ul>\n<li><span data-ccp-props=\"{&quot;201341983&quot;:0,&quot;335559740&quot;:259}\">\u00a0<\/span><span data-contrast=\"auto\">\u2018D<\/span><span data-contrast=\"auto\">igital\u00a0skaparkraft\u00a0i\u00a0skulen<\/span><span data-contrast=\"auto\">\u2019<\/span><span data-contrast=\"auto\"><br \/>\n<\/span><em>Direktesending fr\u00e5 Skaparhuset med l\u00e6rarar fr\u00e5 Teknologiskulen Ulstein\u00a0og Ulstein vgs.<\/em><span data-ccp-props=\"{&quot;201341983&quot;:0,&quot;335559740&quot;:259}\">\u00a0<\/span><\/li>\n<\/ul>\n<h3><a href=\"https:\/\/www.hivolda.no\/kategori\/laerarutdanninga\/pfdk-nettverkssamling-digital-undervising-med-film-skule-og\"><b><span data-contrast=\"auto\">13.oktober &#8211; Digital <\/span><\/b><b><span data-contrast=\"auto\">undervising<\/span><\/b><b><span data-contrast=\"auto\">\u00a0med film i\u00a0<\/span><\/b><b><span data-contrast=\"auto\">skule<\/span><\/b><b><span data-contrast=\"auto\">\u00a0og\u00a0<\/span><\/b><b><span data-contrast=\"auto\">l\u00e6rarutdanning<\/span><\/b><\/a><\/h3>\n<h4><strong><i>Innlegg p\u00e5 film:<\/i><\/strong><span data-ccp-props=\"{&quot;201341983&quot;:0,&quot;335559740&quot;:259}\">\u00a0<\/span><\/h4>\n<ul>\n<li><span data-contrast=\"auto\">Digital undervisning med ulike typar film<br \/>\n<\/span><em>Stian Fagerlid, <\/em><em>Digital kompetanse, HVO\u00a0<\/em><\/li>\n<li><span data-contrast=\"auto\">Omvendt undervising i samfunnsfag i l\u00e6rarutdanning<br \/>\n<em>Nils Magne Mager\u00f8y, Skuleretta samfunnsfag, HVO <\/em><\/span><span data-ccp-props=\"{&quot;201341983&quot;:0,&quot;335559740&quot;:259}\">\u00a0<\/span><\/li>\n<li><span data-contrast=\"auto\">Digitale praksisbes\u00f8k i l\u00e6rerutdanning<br \/>\n<em>Solfrid Nymark, Yrkesfagl\u00e6rerutdanning, OsloMet<\/em><\/span><\/li>\n<\/ul>\n<h4><strong><i>Praktisk verkstad kl.14.30-15.45 &#8211; <a href=\"https:\/\/www.hivolda.no\/kategori\/laerarutdanninga\/pfdk-nettverkssamling-digital-undervising-med-film-skule-og\">p\u00e5melding\/kalenderavtale<\/a>:<\/i>\u00a0<\/strong><\/h4>\n<ul>\n<li><span data-contrast=\"auto\">\u2018Bruk av film i digital\u00a0undervising\u2019<br \/>\n<\/span><span data-contrast=\"auto\">Direktesending fr\u00e5 Medieverkstaden ved HVO <em>ved Stian\u00a0Fagerlid<\/em>\u00a0<\/span><\/li>\n<\/ul>\n<h3><a href=\"https:\/\/www.hivolda.no\/kategori\/laerarutdanninga\/pfdk-nettverkssamling-programmering-skule-og-laerarutdanning\"><b><span data-contrast=\"auto\">1<\/span><\/b><b><span data-contrast=\"auto\">4<\/span><\/b><b><span data-contrast=\"auto\">.oktober &#8211; Programmering i\u00a0<\/span><\/b><b><span data-contrast=\"auto\">skule<\/span><\/b><b><span data-contrast=\"auto\">\u00a0og\u00a0<\/span><\/b><b><span data-contrast=\"auto\">l\u00e6rarutdanning<\/span><\/b><span data-ccp-props=\"{&quot;201341983&quot;:0,&quot;335559740&quot;:259}\">\u00a0<\/span><\/a><\/h3>\n<h4><strong><i>Innlegg p\u00e5 film:<\/i>\u00a0<\/strong><\/h4>\n<ul>\n<li><span data-contrast=\"auto\">Programmering i skule og <\/span><span data-contrast=\"auto\">l\u00e6rarutdanning med fagfornyinga<br \/>\n<em>ved Torbj\u00f8rn Frantsen, Digital kompetanse<\/em><\/span><em>, og\u00a0Kim Andre Refvik,\u00a0Matematikk, HVO\u00a0<\/em><\/li>\n<li><span data-contrast=\"auto\">L\u00e6r Kidsa Koding og Super:BIT-prosjektet i skulen<br \/>\n<em>L\u00e6r Kidsa Koding<\/em><\/span><\/li>\n<\/ul>\n<h4><strong><i>Praktisk verkstad kl.14.30-15.45 &#8211; <a href=\"https:\/\/www.hivolda.no\/kategori\/laerarutdanninga\/pfdk-nettverkssamling-programmering-skule-og-laerarutdanning\">p\u00e5melding\/kalenderavtale<\/a>:<\/i>\u00a0<\/strong><\/h4>\n<ul>\n<li><span data-ccp-props=\"{&quot;201341983&quot;:0,&quot;335559740&quot;:259}\">\u00a0<\/span><span data-contrast=\"auto\">\u2018<\/span><span data-contrast=\"auto\">P<\/span><span data-contrast=\"auto\">rogrammering\u00a0<\/span><span data-contrast=\"auto\">i fagfornyinga\u2019, o<\/span>m <span data-contrast=\"auto\">TEKPROG-<\/span><span data-contrast=\"auto\">prosjektet <\/span><span data-contrast=\"auto\">sine <\/span><span data-contrast=\"auto\">kompetansepakkar <\/span><span data-contrast=\"auto\">for <\/span><span data-contrast=\"auto\">programmering <\/span><span data-contrast=\"auto\">i <\/span><span data-contrast=\"auto\">musikk<\/span><span data-contrast=\"auto\">, <\/span><span data-contrast=\"auto\">matematikk<\/span><span data-contrast=\"auto\">, <\/span><span data-contrast=\"auto\">naturfag<\/span><span data-contrast=\"auto\">\u00a0<\/span><span data-contrast=\"auto\">og<\/span><span data-contrast=\"auto\">\u00a0kunst\u00a0<\/span><span data-contrast=\"auto\">og<\/span><span data-contrast=\"auto\">\u00a0<\/span><span data-contrast=\"auto\">handverk.<br \/>\n<\/span><span data-contrast=\"auto\">Direktesending<\/span><span data-contrast=\"auto\">\u00a0<\/span><span data-contrast=\"auto\">f<\/span><span data-contrast=\"auto\">r\u00e5<\/span><span data-contrast=\"auto\">\u00a0<\/span><span data-contrast=\"auto\">L\u00e6ringsverkstaden<\/span><span data-contrast=\"auto\">,\u00a0<\/span><span data-contrast=\"auto\">HVO <em>ved <\/em><\/span><span data-contrast=\"auto\"><em>Torbj\u00f8rn Frantsen, Digital kompetanse, HVO, <\/em><\/span><span data-contrast=\"auto\"><i><span style=\"font-weight: 400;\">Liv Oddrun Voll, Naturfagsenteret UiO, <\/span><\/i><i><span style=\"font-weight: 400;\">og <\/span><\/i><i><span style=\"font-weight: 400;\">Peter Haakonsen<\/span><\/i><i><span style=\"font-weight: 400;\">, Oslo Met<\/span><\/i><\/span><span data-contrast=\"auto\">.<\/span><span data-ccp-props=\"{&quot;201341983&quot;:0,&quot;335559740&quot;:259}\">\u00a0<\/span><\/li>\n<\/ul>\n<h3><a href=\"https:\/\/www.hivolda.no\/pfdk-nettverkssamling-makerspaceskaparverkstad-og-framtidsklasserom\"><span data-ccp-props=\"{&quot;201341983&quot;:0,&quot;335559740&quot;:259}\"> <b>15.oktober<\/b><b>\u00a0&#8211;\u00a0<\/b><b>Makerspace\/Skaparverkstad\u00a0og framtidsklasserom<\/b>\u00a0<\/span><\/a><\/h3>\n<h4><strong><i>Innlegg p\u00e5 film:<\/i>\u00a0<\/strong><\/h4>\n<ul>\n<li><span data-contrast=\"auto\">Om framtidsklasserom og digitale verkstader ved HVO<br \/>\n<em>Synn\u00f8ve Amdam<\/em><\/span><em>, <\/em><em>Digital\u00a0kompetanse\/DigiGLU, HVO\u00a0<\/em><\/li>\n<li><span data-contrast=\"auto\">Future Classroom Lab-prosjektet i l\u00e6rarutdanning<br \/>\n<em>Kristine Sevik og Vibeke Guttormsgaard, Udir BetaLab<\/em><\/span><span data-ccp-props=\"{&quot;201341983&quot;:0,&quot;335559740&quot;:259}\">\u00a0<\/span><\/li>\n<li><span data-contrast=\"auto\">\u00c5 skape med VR<br \/>\n<em>Paolo Scarbocci, prosjektleiar, Didaktisk digitalt verksted, UiS<\/em><\/span><em>\u00a0<\/em><\/li>\n<\/ul>\n<h4><strong><i>Praktisk verkstad kl.14.30-15.45 &#8211; <a href=\"https:\/\/www.hivolda.no\/pfdk-nettverkssamling-makerspaceskaparverkstad-og-framtidsklasserom\">p\u00e5melding\/kalenderavtale<\/a>:<\/i>\u00a0<\/strong><\/h4>\n<ul>\n<li><span data-contrast=\"auto\">\u2018Korleis bruke ein digital skaparverkstad i design, kunst og handverk\u2019<\/span><span data-contrast=\"auto\"><br \/>\n<\/span><span data-contrast=\"auto\">Direktesending\u00a0<\/span><span data-contrast=\"auto\">fr\u00e5 Skaparverkstaden ved HVO<br \/>\n<\/span><span data-contrast=\"auto\"><em>ved Karen Br\u00e6nne og Janne Heggvoll<\/em><\/span><em>.<\/em><span data-ccp-props=\"{&quot;201341983&quot;:0,&quot;335559740&quot;:259}\">\u00a0<\/span><\/li>\n<\/ul>\n","protected":false},"excerpt":{"rendered":"<p>Velkomen\u00a0til\u00a0PfDK-nettverkskonferansen 2020: Digital\u00a0skaparkraft 12.-15.oktober\u00a0 Grunna korona-situasjonen m\u00e5tte vi utsetje den nasjonale nettverkssamlinga i\u00a0PfDK\u00a0\u201cDigital\u00a0skaparkraft\u201d\u00a0i mars. No har vi tilpassa programmet, og\u00a0H\u00f8gskulen\u00a0i Volda og\u00a0Udir\u00a0kan p\u00e5 nytt \u00f8nske\u00a0velkomen\u00a0til Volda\u00a0og\u00a0Ulsteinvik\u00a0&#8211;\u00a0no\u00a0p\u00e5 nett.\u00a0 Vi deler konferansen\u00a0over fire\u00a0dagar\u00a0med direktesendte praktiske verkstad\u00f8kter som de kan bli med p\u00e5 fr\u00e5 kl. 14.30-15.45, medan\u00a0foredrag og fagsamtalar ligg som ferdige\u00a0filmar\u00a0her p\u00e5 konferansenettsida.\u00a0 Tema for dei ulike&hellip; <a href=\"https:\/\/digiglu.hivolda.no\/?page_id=840\" class=\"more-link\">Continue reading <span class=\"screen-reader-text\">PfDK-nettverkskonferansen 2020: Digital skaparkraft &#8211; 12.-15.oktober &#8211; p\u00e5 nett og p\u00e5 direkten!<\/span><\/a><\/p>\n","protected":false},"author":2,"featured_media":0,"parent":0,"menu_order":0,"comment_status":"closed","ping_status":"closed","template":"","meta":{"jetpack_post_was_ever_published":false,"footnotes":""},"tags":[],"jetpack_sharing_enabled":true,"jetpack_shortlink":"https:\/\/wp.me\/PacKQW-dy","_links":{"self":[{"href":"https:\/\/digiglu.hivolda.no\/index.php?rest_route=\/wp\/v2\/pages\/840"}],"collection":[{"href":"https:\/\/digiglu.hivolda.no\/index.php?rest_route=\/wp\/v2\/pages"}],"about":[{"href":"https:\/\/digiglu.hivolda.no\/index.php?rest_route=\/wp\/v2\/types\/page"}],"author":[{"embeddable":true,"href":"https:\/\/digiglu.hivolda.no\/index.php?rest_route=\/wp\/v2\/users\/2"}],"replies":[{"embeddable":true,"href":"https:\/\/digiglu.hivolda.no\/index.php?rest_route=%2Fwp%2Fv2%2Fcomments&post=840"}],"version-history":[{"count":21,"href":"https:\/\/digiglu.hivolda.no\/index.php?rest_route=\/wp\/v2\/pages\/840\/revisions"}],"predecessor-version":[{"id":869,"href":"https:\/\/digiglu.hivolda.no\/index.php?rest_route=\/wp\/v2\/pages\/840\/revisions\/869"}],"wp:attachment":[{"href":"https:\/\/digiglu.hivolda.no\/index.php?rest_route=%2Fwp%2Fv2%2Fmedia&parent=840"}],"wp:term":[{"taxonomy":"post_tag","embeddable":true,"href":"https:\/\/digiglu.hivolda.no\/index.php?rest_route=%2Fwp%2Fv2%2Ftags&post=840"}],"curies":[{"name":"wp","href":"https:\/\/api.w.org\/{rel}","templated":true}]}}